{"version":"1.0","provider_name":"Anders Adlercreutz","provider_url":"https:\/\/andersadlercreutz.fi\/blog","author_name":"Anders","author_url":"https:\/\/andersadlercreutz.fi\/blog\/author\/admin\/","title":"Ensikertalaiskiinti\u00f6t kannustavat v\u00e4livuosien pit\u00e4miseen - Anders Adlercreutz","type":"rich","width":600,"height":338,"html":"<blockquote class=\"wp-embedded-content\" data-secret=\"UCcT5HAPTi\"><a href=\"https:\/\/andersadlercreutz.fi\/blog\/blog-sv\/ensikertalaiskiintiot-kannustavat-valivuosien-pitamiseen\/\">Ensikertalaiskiinti\u00f6t kannustavat v\u00e4livuosien pit\u00e4miseen<\/a><\/blockquote><iframe sandbox=\"allow-scripts\" security=\"restricted\" src=\"https:\/\/andersadlercreutz.fi\/blog\/blog-sv\/ensikertalaiskiintiot-kannustavat-valivuosien-pitamiseen\/embed\/#?secret=UCcT5HAPTi\" width=\"600\" height=\"338\" title=\"\u201dEnsikertalaiskiinti\u00f6t kannustavat v\u00e4livuosien pit\u00e4miseen\u201d &ndash; Anders Adlercreutz\" data-secret=\"UCcT5HAPTi\" frameborder=\"0\" marginwidth=\"0\" marginheight=\"0\" scrolling=\"no\" class=\"wp-embedded-content\"><\/iframe><script type=\"text\/javascript\">\n\/*! This file is auto-generated *\/\n!function(c,d){\"use strict\";var e=!1,o=!1;if(d.querySelector)if(c.addEventListener)e=!0;if(c.wp=c.wp||{},c.wp.receiveEmbedMessage);else if(c.wp.receiveEmbedMessage=function(e){var t=e.data;if(!t);else if(!(t.secret||t.message||t.value));else if(\/[^a-zA-Z0-9]\/.test(t.secret));else{for(var r,s,a,i=d.querySelectorAll('iframe[data-secret=\"'+t.secret+'\"]'),n=d.querySelectorAll('blockquote[data-secret=\"'+t.secret+'\"]'),o=new RegExp(\"^https?:$\",\"i\"),l=0;l<n.length;l++)n[l].style.display=\"none\";for(l=0;l<i.length;l++)if(r=i[l],e.source!==r.contentWindow);else{if(r.removeAttribute(\"style\"),\"height\"===t.message){if(1e3<(s=parseInt(t.value,10)))s=1e3;else if(~~s<200)s=200;r.height=s}if(\"link\"===t.message)if(s=d.createElement(\"a\"),a=d.createElement(\"a\"),s.href=r.getAttribute(\"src\"),a.href=t.value,!o.test(a.protocol));else if(a.host===s.host)if(d.activeElement===r)c.top.location.href=t.value}}},e)c.addEventListener(\"message\",c.wp.receiveEmbedMessage,!1),d.addEventListener(\"DOMContentLoaded\",t,!1),c.addEventListener(\"load\",t,!1);function t(){if(o);else{o=!0;for(var e,t,r,s=-1!==navigator.appVersion.indexOf(\"MSIE 10\"),a=!!navigator.userAgent.match(\/Trident.*rv:11\\.\/),i=d.querySelectorAll(\"iframe.wp-embedded-content\"),n=0;n<i.length;n++){if(!(r=(t=i[n]).getAttribute(\"data-secret\")))r=Math.random().toString(36).substr(2,10),t.src+=\"#?secret=\"+r,t.setAttribute(\"data-secret\",r);if(s||a)(e=t.cloneNode(!0)).removeAttribute(\"security\"),t.parentNode.replaceChild(e,t);t.contentWindow.postMessage({message:\"ready\",secret:r},\"*\")}}}}(window,document);\n<\/script>\n","thumbnail_url":"https:\/\/i0.wp.com\/andersadlercreutz.fi\/blog\/wp-content\/uploads\/2020\/05\/RD-052020-1.jpeg?fit=1280%2C757&ssl=1","thumbnail_width":1280,"thumbnail_height":757,"description":"Olen monien muiden p\u00e4\u00e4tt\u00e4jien kanssa samaa mielt\u00e4 siit\u00e4, ett\u00e4 ty\u00f6uria tulisi kansantalouden n\u00e4k\u00f6kulmasta pident\u00e4\u00e4 sek\u00e4 alku- ett\u00e4 loppup\u00e4\u00e4st\u00e4. T\u00e4m\u00e4n tavoitteen saavuttaminen edellytt\u00e4\u00e4 my\u00f6s opiskeluaikojen lyhent\u00e4mist\u00e4. Olen kuitenkin kriittinen keinojen suhteen. Syksyll\u00e4 kymmenet tuhannet nuoret aloittavat opintonsa yliopistoissa ja ammattikorkeakouluissa. Yh\u00e4 useampi nuori my\u00f6s p\u00e4\u00e4tyy pit\u00e4m\u00e4\u00e4n v\u00e4livuoden. Miksi? Vuonna 2016 tuli voimaan mekanismi, jossa valtaosa opiskelupaikoista [&hellip;]"}