{"version":"1.0","provider_name":"Anders Adlercreutz","provider_url":"https:\/\/andersadlercreutz.fi\/blog","author_name":"Anders","author_url":"https:\/\/andersadlercreutz.fi\/blog\/author\/admin\/","title":"Tal p\u00e5 festseminarium p\u00e5 De bostadsl\u00f6sas natt, 17.10.2017 - Anders Adlercreutz","type":"rich","width":600,"height":338,"html":"<blockquote class=\"wp-embedded-content\" data-secret=\"PPb8KyVmNw\"><a href=\"https:\/\/andersadlercreutz.fi\/blog\/kyrkslatt\/festseminarium-bostadslosas-natt-17-10-2017\/\">Tal p\u00e5 festseminarium p\u00e5 De bostadsl\u00f6sas natt, 17.10.2017<\/a><\/blockquote><iframe sandbox=\"allow-scripts\" security=\"restricted\" src=\"https:\/\/andersadlercreutz.fi\/blog\/kyrkslatt\/festseminarium-bostadslosas-natt-17-10-2017\/embed\/#?secret=PPb8KyVmNw\" width=\"600\" height=\"338\" title=\"\u201dTal p\u00e5 festseminarium p\u00e5 De bostadsl\u00f6sas natt, 17.10.2017\u201d &ndash; Anders Adlercreutz\" data-secret=\"PPb8KyVmNw\" frameborder=\"0\" marginwidth=\"0\" marginheight=\"0\" scrolling=\"no\" class=\"wp-embedded-content\"><\/iframe><script type=\"text\/javascript\">\n\/*! This file is auto-generated *\/\n!function(c,d){\"use strict\";var e=!1,o=!1;if(d.querySelector)if(c.addEventListener)e=!0;if(c.wp=c.wp||{},c.wp.receiveEmbedMessage);else if(c.wp.receiveEmbedMessage=function(e){var t=e.data;if(!t);else if(!(t.secret||t.message||t.value));else if(\/[^a-zA-Z0-9]\/.test(t.secret));else{for(var r,s,a,i=d.querySelectorAll('iframe[data-secret=\"'+t.secret+'\"]'),n=d.querySelectorAll('blockquote[data-secret=\"'+t.secret+'\"]'),o=new RegExp(\"^https?:$\",\"i\"),l=0;l<n.length;l++)n[l].style.display=\"none\";for(l=0;l<i.length;l++)if(r=i[l],e.source!==r.contentWindow);else{if(r.removeAttribute(\"style\"),\"height\"===t.message){if(1e3<(s=parseInt(t.value,10)))s=1e3;else if(~~s<200)s=200;r.height=s}if(\"link\"===t.message)if(s=d.createElement(\"a\"),a=d.createElement(\"a\"),s.href=r.getAttribute(\"src\"),a.href=t.value,!o.test(a.protocol));else if(a.host===s.host)if(d.activeElement===r)c.top.location.href=t.value}}},e)c.addEventListener(\"message\",c.wp.receiveEmbedMessage,!1),d.addEventListener(\"DOMContentLoaded\",t,!1),c.addEventListener(\"load\",t,!1);function t(){if(o);else{o=!0;for(var e,t,r,s=-1!==navigator.appVersion.indexOf(\"MSIE 10\"),a=!!navigator.userAgent.match(\/Trident.*rv:11\\.\/),i=d.querySelectorAll(\"iframe.wp-embedded-content\"),n=0;n<i.length;n++){if(!(r=(t=i[n]).getAttribute(\"data-secret\")))r=Math.random().toString(36).substr(2,10),t.src+=\"#?secret=\"+r,t.setAttribute(\"data-secret\",r);if(s||a)(e=t.cloneNode(!0)).removeAttribute(\"security\"),t.parentNode.replaceChild(e,t);t.contentWindow.postMessage({message:\"ready\",secret:r},\"*\")}}}}(window,document);\n<\/script>\n","thumbnail_url":"https:\/\/andersadlercreutz.fi\/blog\/wp-content\/uploads\/2014\/10\/sein\u00e4-1030x687.jpg","thumbnail_width":1030,"thumbnail_height":687,"description":"Hyv\u00e4t yst\u00e4v\u00e4t, Mit\u00e4 pit\u00e4\u00e4 tapahtua, ett\u00e4 ihminen alkaa kokea, ettei h\u00e4nell\u00e4 ole en\u00e4\u00e4 sijaa yhteiskunnassa; ett\u00e4 h\u00e4n kokee ajautuneensa umpikujaan, josta ei tunnu olevan tiet\u00e4 ulos. Mit\u00e4 pit\u00e4\u00e4 tapahtua, ett\u00e4 ihmiselt\u00e4 katoaa usko itseens\u00e4 ja ymp\u00e4r\u00f6iv\u00e4\u00e4n maailmaan? Ett\u00e4 tekee mieli antaa kaiken vain olla. Heitt\u00e4yty\u00e4 ajelehtimaan. Humanistina haluan v\u00e4itt\u00e4\u00e4, ettei mit\u00e4\u00e4n sellaista, mit\u00e4 ei voisi [&hellip;]"}