{"version":"1.0","provider_name":"Anders Adlercreutz","provider_url":"https:\/\/andersadlercreutz.fi\/blog","author_name":"Anders","author_url":"https:\/\/andersadlercreutz.fi\/blog\/author\/admin\/","title":"Dags att hj\u00e4lpa kulturbranschen p\u00e5 f\u00f6tter - Anders Adlercreutz","type":"rich","width":600,"height":338,"html":"<blockquote class=\"wp-embedded-content\" data-secret=\"VHMWkdoL1X\"><a href=\"https:\/\/andersadlercreutz.fi\/blog\/pressmeddelande\/dags-att-hjalpa-kulturbranschen-pa-fotter\/\">Dags att hj\u00e4lpa kulturbranschen p\u00e5 f\u00f6tter<\/a><\/blockquote><iframe sandbox=\"allow-scripts\" security=\"restricted\" src=\"https:\/\/andersadlercreutz.fi\/blog\/pressmeddelande\/dags-att-hjalpa-kulturbranschen-pa-fotter\/embed\/#?secret=VHMWkdoL1X\" width=\"600\" height=\"338\" title=\"\u201dDags att hj\u00e4lpa kulturbranschen p\u00e5 f\u00f6tter\u201d &ndash; Anders Adlercreutz\" data-secret=\"VHMWkdoL1X\" frameborder=\"0\" marginwidth=\"0\" marginheight=\"0\" scrolling=\"no\" class=\"wp-embedded-content\"><\/iframe><script type=\"text\/javascript\">\n\/*! This file is auto-generated *\/\n!function(c,d){\"use strict\";var e=!1,o=!1;if(d.querySelector)if(c.addEventListener)e=!0;if(c.wp=c.wp||{},c.wp.receiveEmbedMessage);else if(c.wp.receiveEmbedMessage=function(e){var t=e.data;if(!t);else if(!(t.secret||t.message||t.value));else if(\/[^a-zA-Z0-9]\/.test(t.secret));else{for(var r,s,a,i=d.querySelectorAll('iframe[data-secret=\"'+t.secret+'\"]'),n=d.querySelectorAll('blockquote[data-secret=\"'+t.secret+'\"]'),o=new RegExp(\"^https?:$\",\"i\"),l=0;l<n.length;l++)n[l].style.display=\"none\";for(l=0;l<i.length;l++)if(r=i[l],e.source!==r.contentWindow);else{if(r.removeAttribute(\"style\"),\"height\"===t.message){if(1e3<(s=parseInt(t.value,10)))s=1e3;else if(~~s<200)s=200;r.height=s}if(\"link\"===t.message)if(s=d.createElement(\"a\"),a=d.createElement(\"a\"),s.href=r.getAttribute(\"src\"),a.href=t.value,!o.test(a.protocol));else if(a.host===s.host)if(d.activeElement===r)c.top.location.href=t.value}}},e)c.addEventListener(\"message\",c.wp.receiveEmbedMessage,!1),d.addEventListener(\"DOMContentLoaded\",t,!1),c.addEventListener(\"load\",t,!1);function t(){if(o);else{o=!0;for(var e,t,r,s=-1!==navigator.appVersion.indexOf(\"MSIE 10\"),a=!!navigator.userAgent.match(\/Trident.*rv:11\\.\/),i=d.querySelectorAll(\"iframe.wp-embedded-content\"),n=0;n<i.length;n++){if(!(r=(t=i[n]).getAttribute(\"data-secret\")))r=Math.random().toString(36).substr(2,10),t.src+=\"#?secret=\"+r,t.setAttribute(\"data-secret\",r);if(s||a)(e=t.cloneNode(!0)).removeAttribute(\"security\"),t.parentNode.replaceChild(e,t);t.contentWindow.postMessage({message:\"ready\",secret:r},\"*\")}}}}(window,document);\n<\/script>\n","thumbnail_url":"https:\/\/i0.wp.com\/andersadlercreutz.fi\/blog\/wp-content\/uploads\/2018\/10\/Anders-h\u00e4sten-2018-9.jpg?fit=1214%2C809&ssl=1","thumbnail_width":1214,"thumbnail_height":809,"description":"Kulturf\u00e4ltet samlades framf\u00f6r riksdagen p\u00e5 torsdagen. Coronabegr\u00e4sningarna har slagit speciellt h\u00e5rt mot en bransch som \u00e4r helt beroende av att m\u00e4nniskor m\u00f6ts. Svenska riksdagsgruppen h\u00e5ller med kulturakt\u00f6rerna. Det \u00e4r verkligen dags att hj\u00e4lpa branschen p\u00e5 f\u00f6tter. \u2013 De kreativa branscherna har en stor syssels\u00e4ttande effekt. Det finns en risk f\u00f6r att en stor m\u00e4ngd arbetsplatser [&hellip;]"}